{"id":311990,"date":"2026-01-27T13:40:51","date_gmt":"2026-01-27T17:40:51","guid":{"rendered":"https:\/\/www.eclass.com\/cl\/?post_type=diplomados&#038;p=311990"},"modified":"2026-04-28T08:13:23","modified_gmt":"2026-04-28T12:13:23","slug":"diplomado-en-neurodivergencias-inclusion-derechos-y-calidad-de-la-atencion-sanitaria_unab-salud","status":"publish","type":"diplomados","link":"https:\/\/www.eclass.com\/cl\/diplomados\/diplomado-en-neurodivergencias-inclusion-derechos-y-calidad-de-la-atencion-sanitaria_unab-salud\/","title":{"rendered":"Diplomado en Neurodivergencias: Inclusi\u00f3n, Derechos y Calidad de la Atenci\u00f3n Sanitaria"},"author":1,"template":"","meta":{"_acf_changed":false},"categorias":[607],"class_list":["post-311990","diplomados","type-diplomados","status-publish","hentry"],"acf":{"bi_formulario":"","bi_formulario_mobile":"","br_btn_ayuda_volver":"","br_ayuda_volver":"","br_ayuda_texto":"","br_ayuda_telefono":"","bs_url":"","bs_titulo":"","bs_color":"","id_post":"596","bi_titulo":"<p>Diplomado en Neurodivergencias: Inclusi\u00f3n, Derechos y Calidad de la Atenci\u00f3n Sanitaria<\/p>\n","item_info":[{"titulo":"Pr\u00f3ximo inicio de clase:","descripcion":"Mayo 2026","imagen":16112},{"titulo":"Valor:","descripcion":"<p>Diplomado: $1.600.000<\/p>","imagen":16113},{"titulo":"Formas de Pago","descripcion":"Webpay (Tarjetas de Cr\u00e9dito y D\u00e9bito)<br \/>Efectivo<br \/>Debito","imagen":16113}],"titulo_cursivo":"<p>Fortalece tus competencias para una atenci&oacute;n en salud m&aacute;s inclusiva, &eacute;tica y respetuosa con las neurodivergencias.<\/p>","dc_titulo":"<strong>Diplomado en Neurodivergencias: Inclusi\u00f3n, Derechos y Calidad de la Atenci\u00f3n Sanitaria<\/strong>","dc_texto":"<p>En un contexto donde el sistema de salud a&uacute;n enfrenta grandes desaf&iacute;os para atender a personas neurodivergentes con calidad, equidad y respeto, este diplomado surge como una oportunidad transformadora. El concepto de neurodivergencia &mdash;que abarca condiciones como autismo, TDAH, dislexia y discapacidad intelectual, entre otras&mdash; invita a repensar los modelos de atenci&oacute;n, superando el enfoque biom&eacute;dico tradicional hacia uno centrado en los derechos humanos, la inclusi&oacute;n y la diversidad.<\/p>\n<p>Este programa est&aacute; dise&ntilde;ado para profesionales y t&eacute;cnicos del &aacute;mbito sanitario que buscan actualizar sus conocimientos y competencias para brindar una atenci&oacute;n m&aacute;s &eacute;tica, pertinente y adaptada a la realidad de las personas neurodivergentes. A trav&eacute;s de una formaci&oacute;n innovadora y situada, se abordan marcos conceptuales y normativos, an&aacute;lisis cr&iacute;tico de pr&aacute;cticas institucionales y herramientas pr&aacute;cticas que responden a barreras estructurales, comunicacionales y actitudinales presentes en el sistema de salud chileno.<\/p>\n<p>El diplomado no solo fortalece el perfil profesional de sus participantes, sino que contribuye directamente al desarrollo de un sistema de salud m&aacute;s justo y respetuoso con la diversidad humana, alineado con la Convenci&oacute;n sobre los Derechos de las Personas con Discapacidad y los lineamientos del Plan Nacional de Salud Mental 2017-2025. S&uacute;mate a este cambio y s&eacute; parte de una generaci&oacute;n de profesionales que lidera con conocimiento, sensibilidad y compromiso.<\/p>\n","tl_listado":[{"imagen":false,"imagen_api":"https:\/\/cdn.eclass.com\/img\/perfiles\/100\/JavieraDonoso-22d5242a7f4f-1.jpg","titulo":"Javiera Paz Donoso Fonseca","subtitulo":"","texto":"Psic\u00f3loga Cl\u00ednica con estudios en neuropsicolog\u00eda infantil,  \r\nMaster Mental Health Sciences Research, Division of Psychiatry  University College London (UCL)\r\nExperiencia en neuropsicolog\u00eda, investigaci\u00f3n, docencia y desarrollo de programas de inclusi\u00f3n con foco en trastornos del neurodesarrollo en diversas instituciones y universidades."},{"imagen":false,"imagen_api":"https:\/\/cdn.eclass.com\/img\/perfiles\/100\/Mtenorio-74b01b0cc516-1.jpg","titulo":"Marcela Tenorio Delgado","subtitulo":"","texto":"Psic\u00f3loga de la Universidad de los Andes (Bogot\u00e1, Colombia)\r\nDoctora en Psicolog\u00eda en la Pontificia Universidad Cat\u00f3lica de Chile. \r\nFue Fellow Postdoctoral financiada por el Gobierno de Chile y con apoyo de British Academy.\r\nSu investigaci\u00f3n ha tenido diferentes fuentes de financiaci\u00f3n incluyendo fondos p\u00fablicos provenientes de diferentes divisiones del gobierno como ANID y\r\nMinisterio de Desarrollo Social y Familia, y fondos de instituciones del tercer sector. \r\nActualmente es directora alterna del Instituto Milenio para la Investigaci\u00f3n de Cuidado (MICARE) y es investigadora asociada del N\u00facleo Milenio DISCA."},{"imagen":false,"imagen_api":"https:\/\/cdn.eclass.com\/img\/perfiles\/100\/PaulinaArango-5fc3e9436e6e-1.jpg","titulo":"Paulina Arango Uribe","subtitulo":"","texto":"Psic\u00f3loga de la Universidad Pontificia Bolivariana (Colombia) y Doctora en Psicolog\u00eda de la Pontificia Universidad Cat\u00f3lica de Chile.\r\n Su carrera se centra en la neuropsicolog\u00eda pedi\u00e1trica y la discapacidad intelectual, desde 2020, es Investigadora Principal en el Instituto Milenio para la Investigaci\u00f3n del Cuidado (MICARE), liderando la l\u00ednea sobre el cuidado y acompa\u00f1amiento en estas condiciones.\r\n\r\nEntre sus proyectos m\u00e1s recientes (2022-2025) destacan el FONDECYT Regular sobre la crianza de ni\u00f1os y adolescentes con discapacidad intelectual y conductas desafiantes, y la co-investigaci\u00f3n de otro FONDECYT Regular sobre las interacciones tempranas y la conducta adaptativa en beb\u00e9s con S\u00edndrome de Down. Tambi\u00e9n ha dirigido proyectos enfocados en la salud mental y el acceso a la justicia para personas con discapacidad intelectual (2023-2025).\r\n\r\nAdicionalmente, ha participado activamente en la difusi\u00f3n cient\u00edfica, siendo presentadora en diversos congresos internacionales y nacionales, como el IASSIDD y el Congreso de la Sociedad Cient\u00edfica de Psicolog\u00eda de Chile."},{"imagen":false,"imagen_api":"https:\/\/cdn.eclass.com\/img\/perfiles\/100\/JosefinaBunster-24dae6a2e50b-1.jpg","titulo":"Josefina Bunster Err\u00e1zuriz","subtitulo":"","texto":"Psic\u00f3loga cl\u00ednica de la Pontificia Universidad Cat\u00f3lica de Chile\r\nMag\u00edster en Neuropsicolog\u00eda Infantil de la Universidad de los Andes.\r\nExperiencia en docencia e investigaci\u00f3n en temas relacionados al neurodesarrollo en Pontificia Universidad Cat\u00f3lica de Chile y en Universidad de los Andes. \r\nActualmente se desempe\u00f1a  principalmente en evaluaci\u00f3n, intervenci\u00f3n y acompa\u00f1amiento"}],"tt_texto":"<p>CURSOS QUE COMPONEN <br \/><strong>Diplomado en Neurodivergencias: Inclusi\u00f3n, Derechos y Calidad de la Atenci\u00f3n Sanitaria<\/strong><\/p>\n","cursos_listado":[{"titulo":"Identificaci\u00f3n de Condiciones del Neurodesarrollo y Procesos de Diagn\u00f3stico","texto":"<p>El curso se enfoca en la identificaci&oacute;n y evaluaci&oacute;n de condiciones del neurodesarrollo, como la discapacidad intelectual y el autismo, integrando conocimientos cl&iacute;nicos y diagn&oacute;sticos con una perspectiva de derechos humanos y respeto por la diversidad.<\/p>\n","icono":"","modalidad":"","inicio":"","valor":"","enlace_inscripcion":"https:\/\/www.eclass.com\/cl\/cursos\/identificacion-de-condiciones-del-neurodesarrollo-y-procesos-de-diagnostico_unab-salud\/","enlace_texto":"","btncol_texto":"DESCARGA PROGRAMA","btncol_url":"","btncol_icono":"","btncol_outline":true,"btn_modal":"Descarga","btn_descarga":"\n    <div class=\"form-eclass form-eclass-curso-descarga-46714\">\n      <h3>\u00a1QUIERO RECIBIR <strong>ESTE MATERIAL!<\/strong><\/h3>\n    <\/div>\n    <script>\n      eClassForm.create({\n          form: { id: \"form-course-46714\", class: \"hsForm_13bf2289-bea6-43c3-bbde-aedf7beff70b\" },\n          data: { type: \"course\", planilla: \"15995\", file: \"https:\/\/brochure.eclass.com\/pdf\/course\/46714\/1305\", enrollment: \"?utm_source=unab-salud&utm_medium=form_web&utm_campaign=identificacion-de-condiciones-del-neurodesarrollo-y-procesos-de-diagnostico&utm_content=46714\", title: \"Identificaci\u00f3n de Condiciones del Neurodesarrollo y Procesos de Diagn\u00f3stico\", offer: \"Identificaci\u00f3n de Condiciones del Neurodesarrollo y Procesos de Diagn\u00f3stico\", adicional: \"Curso: Identificaci\u00f3n de Condiciones del Neurodesarrollo y Procesos de Diagn\u00f3stico\" },\n          target: '.form-eclass-curso-descarga-46714'\n      });\n    <\/script>\n  "},{"titulo":"Salud en Personas Neurodivergentes","texto":"<p>El curso analiza las barreras que enfrentan las personas neurodivergentes en el acceso a la salud, abordando inequidades, determinantes sociales y la relaci&oacute;n entre neurodivergencia, trauma y salud mental, con el objetivo de promover una atenci&oacute;n inclusiva, centrada en la persona y basada en derechos.<\/p>\n","icono":"","modalidad":"","inicio":"","valor":"","enlace_inscripcion":"https:\/\/www.eclass.com\/cl\/cursos\/salud-en-personas-neurodivergentes_unab-salud\/","enlace_texto":"","btncol_texto":"DESCARGA PROGRAMA","btncol_url":"","btncol_icono":"","btncol_outline":true,"btn_modal":"Descarga","btn_descarga":"\n    <div class=\"form-eclass form-eclass-curso-descarga-46715\">\n      <h3>\u00a1QUIERO RECIBIR <strong>ESTE MATERIAL!<\/strong><\/h3>\n    <\/div>\n    <script>\n      eClassForm.create({\n          form: { id: \"form-course-46715\", class: \"hsForm_13bf2289-bea6-43c3-bbde-aedf7beff70b\" },\n          data: { type: \"course\", planilla: \"15995\", file: \"https:\/\/brochure.eclass.com\/pdf\/course\/46715\/1305\", enrollment: \"?utm_source=unab-salud&utm_medium=form_web&utm_campaign=salud-en-personas-neurodivergentes&utm_content=46715\", title: \"Salud en Personas Neurodivergentes\", offer: \"Salud en Personas Neurodivergentes\", adicional: \"Curso: Salud en Personas Neurodivergentes\" },\n          target: '.form-eclass-curso-descarga-46715'\n      });\n    <\/script>\n  "},{"titulo":"Intervenciones y apoyos basados en evidencia para poblaciones neurodivergentes","texto":"<p>El curso ofrece estrategias basadas en evidencia para apoyar a personas neurodivergentes en salud, enfoc&aacute;ndose en mejorar la comunicaci&oacute;n, autorregulaci&oacute;n y participaci&oacute;n. Se aborda el trabajo interdisciplinario, ajustes razonables y estrategias para promover la autonom&iacute;a, salud mental y calidad de vida, en un enfoque de respeto a los derechos y necesidades de esta poblaci&oacute;n.<\/p>\n","icono":"","modalidad":"","inicio":"","valor":"","enlace_inscripcion":"https:\/\/www.eclass.com\/cl\/cursos\/intervenciones-y-apoyos-basados-en-evidencia-para-poblaciones-neurodivergentes_unab-salud\/","enlace_texto":"","btncol_texto":"DESCARGA PROGRAMA","btncol_url":"","btncol_icono":"","btncol_outline":true,"btn_modal":"Descarga","btn_descarga":"\n    <div class=\"form-eclass form-eclass-curso-descarga-46716\">\n      <h3>\u00a1QUIERO RECIBIR <strong>ESTE MATERIAL!<\/strong><\/h3>\n    <\/div>\n    <script>\n      eClassForm.create({\n          form: { id: \"form-course-46716\", class: \"hsForm_13bf2289-bea6-43c3-bbde-aedf7beff70b\" },\n          data: { type: \"course\", planilla: \"15995\", file: \"https:\/\/brochure.eclass.com\/pdf\/course\/46716\/1305\", enrollment: \"?utm_source=unab-salud&utm_medium=form_web&utm_campaign=intervenciones-y-apoyos-basados-en-evidencia-para-poblaciones-neurodivergentes&utm_content=46716\", title: \"Intervenciones y apoyos basados en evidencia para poblaciones neurodivergentes\", offer: \"Intervenciones y apoyos basados en evidencia para poblaciones neurodivergentes\", adicional: \"Curso: Intervenciones y apoyos basados en evidencia para poblaciones neurodivergentes\" },\n          target: '.form-eclass-curso-descarga-46716'\n      });\n    <\/script>\n  "},{"titulo":"Introducci\u00f3n a las Neurodivergencias","texto":"<p>El curso proporciona una base s&oacute;lida para comprender la neurodivergencia desde una perspectiva cr&iacute;tica y de derechos humanos, explorando diferentes formas de neurodivergencia y su implicancia en el contexto social y sanitario, con el objetivo de promover una atenci&oacute;n inclusiva y respetuosa.<\/p>\n","icono":"","modalidad":"","inicio":"","valor":"","enlace_inscripcion":"https:\/\/www.eclass.com\/cl\/cursos\/introduccion-a-las-neurodivergencias_unab-salud\/","enlace_texto":"","btncol_texto":"DESCARGA PROGRAMA","btncol_url":"","btncol_icono":"","btncol_outline":true,"btn_modal":"Descarga","btn_descarga":"\n    <div class=\"form-eclass form-eclass-curso-descarga-47162\">\n      <h3>\u00a1QUIERO RECIBIR <strong>ESTE MATERIAL!<\/strong><\/h3>\n    <\/div>\n    <script>\n      eClassForm.create({\n          form: { id: \"form-course-47162\", class: \"hsForm_13bf2289-bea6-43c3-bbde-aedf7beff70b\" },\n          data: { type: \"course\", planilla: \"15995\", file: \"https:\/\/brochure.eclass.com\/pdf\/course\/47162\/1305\", enrollment: \"?utm_source=unab-salud&utm_medium=form_web&utm_campaign=introduccion-a-las-neurodivergencias&utm_content=47162\", title: \"Introducci\u00f3n a las Neurodivergencias\", offer: \"Introducci\u00f3n a las Neurodivergencias\", adicional: \"Curso: Introducci\u00f3n a las Neurodivergencias\" },\n          target: '.form-eclass-curso-descarga-47162'\n      });\n    <\/script>\n  "}],"nombre_post":"UNAB Salud","categorias":[{"id":"32","nombre":"Salud"}],"dc_boton":{"btn_texto":"DESCARGA EL PROGRAMA","btn_url":"","btn_icono":"icon-download","btn_outline":true,"btn_modal":"Descarga","btn_descarga":"\n    <div class=\"form-eclass form-eclass-diploma-descarga-1740\">\n      <h3>\u00a1QUIERO RECIBIR <strong>ESTE MATERIAL!<\/strong><\/h3>\n    <\/div>\n    <script>\n      eClassForm.create({\n          form: { id: \"form-diploma-1740\", class: \"hsForm_0f85176f-7a8c-4843-8d8f-2a5259d8e965\" },\n          data: { type: \"diploma\", planilla: \"15994\", file: \"https:\/\/brochure.eclass.com\/pdf\/diploma\/1740\/1305\/670\", enrollment: \"?utm_source=unab-salud&utm_medium=form_web&utm_campaign=diplomado-en-neurodivergencias-inclusion-derechos-y-calidad-de-la-atencion-sanitaria&utm_content=1740\", title: \"Diplomado en Neurodivergencias: Inclusi\u00f3n, Derechos y Calidad de la Atenci\u00f3n Sanitaria\", offer: \"Diplomado en Neurodivergencias: Inclusi\u00f3n, Derechos y Calidad de la Atenci\u00f3n Sanitaria\", adicional: \"Diplomado en Neurodivergencias: Inclusi\u00f3n, Derechos y Calidad de la Atenci\u00f3n Sanitaria\" },\n          target: '.form-eclass-diploma-descarga-1740'\n      });\n    <\/script>\n  "},"columna_contenido":[{"acf_fc_layout":"imagen","bg_imagen":[{"imagen":16440}]},{"acf_fc_layout":"texto","titulo":"<p>CAPACITA A TU EMPRESA CON <strong>NUESTROS CURSOS Y PROGRAMAS<\/strong><\/p>\n","subtitulo":"","texto":"<p>Lleva <strong>Diplomado en Neurodivergencias: Inclusi\u00f3n, Derechos y Calidad de la Atenci\u00f3n Sanitaria<\/strong> a tu equipo de trabajo, cont\u00e1ctate con nuestros ejecutivos para coordinar una reuni\u00f3n y vivir la experiencia eClass.<\/p>\n","btncol_texto":"AGENDA TU REUNI\u00d3N","btncol_url":"","btncol_icono":"","btncol_outline":true,"btn_modal":"Contacto","btn_descarga":"\n    <div id=\"form-reunion\" class=\"form-eclass form-reunion\"><\/div>\n    <script>\n      window.addEventListener('load', function() {\n          eClassForm.create({\n              form: {\n                  id: \"form-reunion\"\n              },\n              data: {\n                  type: \"reunion\",\n                  planilla: \"15996\",\n                  institucion: \"UNAB Salud\",\n                  adicional: $('title').text() + ' ' + location.href,\n              },\n              target: \".form-reunion\"\n          });\n      });\n    <\/script>\n  "}],"bi_imagen":312065,"bi_logo":false,"bi_logo_color":false,"bi_sello":false,"bs_sticky":true,"bs_imagen":false,"columna_invertir":false,"cursos_centrar":true,"ir_mobile":false,"ir_desktop":false,"ir_circulo":"","otros_contenidos":false,"tl_titulo":"","tl_descripcion":"","tl_crmobile":true,"team_descripcion_2":"","texto_centrado":"","titulo2":{"tt_texto":""},"titulo3":{"tt_texto":""},"vi_iframe":"","vi_titulo":"","vi_logo":false},"parent_id":311307,"_links":{"self":[{"href":"https:\/\/www.eclass.com\/cl\/wp-json\/wp\/v2\/diplomados\/311990","targetHints":{"allow":["GET"]}}],"collection":[{"href":"https:\/\/www.eclass.com\/cl\/wp-json\/wp\/v2\/diplomados"}],"about":[{"href":"https:\/\/www.eclass.com\/cl\/wp-json\/wp\/v2\/types\/diplomados"}],"author":[{"embeddable":true,"href":"https:\/\/www.eclass.com\/cl\/wp-json\/wp\/v2\/users\/1"}],"version-history":[{"count":2,"href":"https:\/\/www.eclass.com\/cl\/wp-json\/wp\/v2\/diplomados\/311990\/revisions"}],"predecessor-version":[{"id":312067,"href":"https:\/\/www.eclass.com\/cl\/wp-json\/wp\/v2\/diplomados\/311990\/revisions\/312067"}],"wp:attachment":[{"href":"https:\/\/www.eclass.com\/cl\/wp-json\/wp\/v2\/media?parent=311990"}],"wp:term":[{"taxonomy":"categorias","embeddable":true,"href":"https:\/\/www.eclass.com\/cl\/wp-json\/wp\/v2\/categorias?post=311990"}],"curies":[{"name":"wp","href":"https:\/\/api.w.org\/{rel}","templated":true}]}}