{"id":311879,"date":"2026-01-13T01:24:56","date_gmt":"2026-01-13T05:24:56","guid":{"rendered":"https:\/\/www.eclass.com\/cl\/?post_type=diplomados&#038;p=311879"},"modified":"2026-04-27T16:13:27","modified_gmt":"2026-04-27T20:13:27","slug":"diplomado-en-gestion-integral-de-aps_unab-salud","status":"publish","type":"diplomados","link":"https:\/\/www.eclass.com\/cl\/diplomados\/diplomado-en-gestion-integral-de-aps_unab-salud\/","title":{"rendered":"Diplomado en Gesti\u00f3n Integral de APS"},"author":1,"template":"","meta":{"_acf_changed":false},"categorias":[607],"class_list":["post-311879","diplomados","type-diplomados","status-publish","hentry"],"acf":{"bi_formulario":"","bi_formulario_mobile":"","br_btn_ayuda_volver":"","br_ayuda_volver":"","br_ayuda_texto":"","br_ayuda_telefono":"","bs_url":"","bs_titulo":"","bs_color":"","id_post":"591","bi_titulo":"<p>Diplomado en Gesti\u00f3n Integral de APS<\/p>\n","item_info":[{"titulo":"Pr\u00f3ximo inicio de clase:","descripcion":"Mayo 2026","imagen":16112},{"titulo":"Valor:","descripcion":"<p>Diplomado: $1.600.000<\/p>","imagen":16113},{"titulo":"Formas de Pago","descripcion":"Webpay (Tarjetas de Cr\u00e9dito y D\u00e9bito)<br \/>Efectivo<br \/>Debito","imagen":16113}],"titulo_cursivo":"<p>Lidera y gestiona servicios de salud con un enfoque innovador, mejorando la salud de la comunidad y contribuyendo a la sostenibilidad del sistema.<\/p>","dc_titulo":"<strong>Diplomado en Gesti\u00f3n Integral de APS<\/strong>","dc_texto":"<p>La Atenci&oacute;n Primaria de Salud (APS) es el pilar esencial de los sistemas sanitarios, orientada a garantizar el acceso equitativo a servicios de salud de calidad, preventivos e integrales. Ante los desaf&iacute;os sanitarios globales, como el envejecimiento poblacional, el aumento de enfermedades cr&oacute;nicas y las emergencias de salud p&uacute;blica, una gesti&oacute;n eficiente de los servicios de APS se ha vuelto crucial.<\/p>\n<p>Este diplomado tiene como objetivo formar a profesionales de la salud capacitados para liderar, planificar y gestionar servicios de APS con un enfoque innovador, centrado en las necesidades de la comunidad. De esta forma, las y los participantes contribuir&aacute;n a la mejora de la salud poblacional y a la sostenibilidad de los sistemas de salud.<\/p>\n<p>El Diplomado en Gesti&oacute;n Integral de APS est&aacute; dise&ntilde;ado para trabajadoras y trabajadores del sector salud interesados en fortalecer sus competencias en &aacute;reas de gesti&oacute;n estrat&eacute;gica, operativa y de recursos. A trav&eacute;s de un enfoque te&oacute;rico-pr&aacute;ctico, se abordar&aacute;n temas clave como planificaci&oacute;n, innovaci&oacute;n tecnol&oacute;gica, liderazgo y participaci&oacute;n comunitaria. Los estudiantes estar&aacute;n preparados para enfrentar los retos presentes y futuros en la administraci&oacute;n de establecimientos de salud.<\/p>\n","tl_listado":[{"imagen":false,"imagen_api":"https:\/\/cdn.eclass.com\/img\/perfiles\/100\/Alvaroguillermog-76857b688eed-1.jpg","titulo":"\u00c1lvaro Guillermo Medina Cisternas","subtitulo":"","texto":"\u00c1lvaro Medina posee el t\u00edtulo de Kinesi\u00f3logo por la Universidad de Chile (1995) y una amplia formaci\u00f3n de posgrado en gesti\u00f3n y desarrollo de servicios de salud. Cuenta con un Mag\u00edster en Direcci\u00f3n y Desarrollo de Servicios por la Universidad Adolfo Ib\u00e1\u00f1ez (2014) y diversos diplomados en gesti\u00f3n sanitaria, atenci\u00f3n primaria, formaci\u00f3n de ejecutivos y organizaciones de salud. Su trayectoria acad\u00e9mica se caracteriza por una especializaci\u00f3n continua orientada a la administraci\u00f3n, la calidad y la gesti\u00f3n estrat\u00e9gica en el \u00e1mbito sanitario.\r\n\r\nEn el \u00e1mbito profesional y acad\u00e9mico, \u00c1lvaro Medina ha desempe\u00f1ado labores docentes en varias instituciones de educaci\u00f3n superior desde 1995, impartiendo asignaturas de salud p\u00fablica, atenci\u00f3n primaria, gesti\u00f3n en salud y pr\u00e1cticas cl\u00ednicas. Su experiencia incluye funciones asistenciales como kinesi\u00f3logo y reanimador SAMU, as\u00ed como una destacada trayectoria directiva en centros de salud y corporaciones municipales, desempe\u00f1\u00e1ndose como director de diversos CESFAM y posteriormente como director y subdirector t\u00e9cnico de servicios de salud comunales. Su carrera evidencia un s\u00f3lido liderazgo en gesti\u00f3n sanitaria y desarrollo institucional."},{"imagen":false,"imagen_api":"https:\/\/cdn.eclass.com\/img\/perfiles\/100\/Carlosvergaradelrio2-72cbb4ffdd41-1.jpg","titulo":"Carlos Vergara Del Rio","subtitulo":"","texto":"Ingeniero Civil Industrial con MBA y m\u00e1s de 30 a\u00f1os de exitosa experiencia como consultor de gesti\u00f3n en Chile y Latinoam\u00e9rica. Ha trabajado con destacadas instituciones como el Hospital Cl\u00ednico de la Universidad de Chile, el Banco Mundial, BID y Correos de Chile, liderando proyectos de alto impacto. Su especializaci\u00f3n en evaluaci\u00f3n de proyectos, gesti\u00f3n del cambio y optimizaci\u00f3n de procesos le ha permitido generar millonarios ahorros y triplicar la capacidad operativa en diversas organizaciones. Paralelamente, se ha desempe\u00f1ado como profesor en el Departamento de Ingenier\u00eda Industrial de la Universidad de Chile."},{"imagen":false,"imagen_api":"https:\/\/cdn.eclass.com\/img\/perfiles\/100\/RogelioZuiga-57fbfbc6cd9f-1.jpg","titulo":"Rogelio Eduardo Zu\u00f1iga Escudero","subtitulo":"","texto":"Ingeniero Mec\u00e1nico e Ingeniero Comercial, con M\u00e1ster en Administraci\u00f3n de Operaciones. Cuenta con m\u00e1s de 30 a\u00f1os de experiencia en alta direcci\u00f3n p\u00fablica y consultor\u00eda, desempe\u00f1\u00e1ndose en cargos como administrador regional, administrador municipal y gerente de corporaci\u00f3n municipal, adem\u00e1s de liderar \u00e1reas de planificaci\u00f3n y presupuesto en ministerios. Ha dirigido proyectos de modernizaci\u00f3n del Estado y actualmente ejerce consultor\u00eda estrat\u00e9gica. Asimismo, se ha desempe\u00f1ado como acad\u00e9mico por m\u00e1s de diez a\u00f1os en distintas c\u00e1tedras."}],"tt_texto":"<p>CURSOS QUE COMPONEN <br \/><strong>Diplomado en Gesti\u00f3n Integral de APS<\/strong><\/p>\n","cursos_listado":[{"titulo":"Fundamentos de APS y Gesti\u00f3n Estrat\u00e9gica","texto":"<p>En el curso Fundamentos de APS y Gesti&oacute;n Estrat&eacute;gica, recibir&aacute;s las herramientas clave para que logres integrar los principios de la Atenci&oacute;n Primaria con modelos de gesti&oacute;n eficientes. A lo largo del programa, analizar&aacute;s la evoluci&oacute;n de la APS, los determinantes sociales y el marco normativo del MINSAL, lo que te facultar&aacute; para dise&ntilde;ar planes estrat&eacute;gicos alineados con los objetivos sanitarios nacionales.<\/p>\n","icono":"","modalidad":"","inicio":"","valor":"","enlace_inscripcion":"https:\/\/www.eclass.com\/cl\/cursos\/fundamentos-de-aps-y-gestion-estrategica_unab-salud\/","enlace_texto":"","btncol_texto":"DESCARGA PROGRAMA","btncol_url":"","btncol_icono":"","btncol_outline":true,"btn_modal":"Descarga","btn_descarga":"\n    <div class=\"form-eclass form-eclass-curso-descarga-46619\">\n      <h3>\u00a1QUIERO RECIBIR <strong>ESTE MATERIAL!<\/strong><\/h3>\n    <\/div>\n    <script>\n      eClassForm.create({\n          form: { id: \"form-course-46619\", class: \"hsForm_13bf2289-bea6-43c3-bbde-aedf7beff70b\" },\n          data: { type: \"course\", planilla: \"15995\", file: \"https:\/\/brochure.eclass.com\/pdf\/course\/46619\/1305\", enrollment: \"?utm_source=unab-salud&utm_medium=form_web&utm_campaign=fundamentos-de-aps-y-gestion-estrategica&utm_content=46619\", title: \"Fundamentos de APS y Gesti\u00f3n Estrat\u00e9gica\", offer: \"Fundamentos de APS y Gesti\u00f3n Estrat\u00e9gica\", adicional: \"Curso: Fundamentos de APS y Gesti\u00f3n Estrat\u00e9gica\" },\n          target: '.form-eclass-curso-descarga-46619'\n      });\n    <\/script>\n  "},{"titulo":"Optimizaci\u00f3n de Operaciones y Tecnolog\u00edas en APS","texto":"<p>El curso Optimizaci&oacute;n de Operaciones y Tecnolog&iacute;as en APS se enfoca en el desarrollo de competencias t&eacute;cnicas para optimizar los flujos asistenciales y la programaci&oacute;n de servicios en los centros de salud familiar, asegurando una administraci&oacute;n eficiente de los recursos bajo el marco de las redes integradas chilenas. A trav&eacute;s del uso estrat&eacute;gico de tecnolog&iacute;as de informaci&oacute;n, telemedicina e innovaci&oacute;n, aprender&aacute;s a implementar sistemas de gesti&oacute;n de datos y modelos de atenci&oacute;n que mejoren la calidad operativa y la experiencia del usuario en la salud p&uacute;blica.<\/p>\n","icono":"","modalidad":"","inicio":"","valor":"","enlace_inscripcion":"https:\/\/www.eclass.com\/cl\/cursos\/optimizacion-de-operaciones-y-tecnologias-en-aps_unab-salud\/","enlace_texto":"","btncol_texto":"DESCARGA PROGRAMA","btncol_url":"","btncol_icono":"","btncol_outline":true,"btn_modal":"Descarga","btn_descarga":"\n    <div class=\"form-eclass form-eclass-curso-descarga-46620\">\n      <h3>\u00a1QUIERO RECIBIR <strong>ESTE MATERIAL!<\/strong><\/h3>\n    <\/div>\n    <script>\n      eClassForm.create({\n          form: { id: \"form-course-46620\", class: \"hsForm_13bf2289-bea6-43c3-bbde-aedf7beff70b\" },\n          data: { type: \"course\", planilla: \"15995\", file: \"https:\/\/brochure.eclass.com\/pdf\/course\/46620\/1305\", enrollment: \"?utm_source=unab-salud&utm_medium=form_web&utm_campaign=optimizacion-de-operaciones-y-tecnologias-en-aps&utm_content=46620\", title: \"Optimizaci\u00f3n de Operaciones y Tecnolog\u00edas en APS\", offer: \"Optimizaci\u00f3n de Operaciones y Tecnolog\u00edas en APS\", adicional: \"Curso: Optimizaci\u00f3n de Operaciones y Tecnolog\u00edas en APS\" },\n          target: '.form-eclass-curso-descarga-46620'\n      });\n    <\/script>\n  "},{"titulo":"Gesti\u00f3n de Personas y Competencias Directivas","texto":"<p>El curso desarrolla competencias en gesti&oacute;n de recursos humanos en Atenci&oacute;n Primaria de Salud (APS), enfoc&aacute;ndose en la planificaci&oacute;n de personal, selecci&oacute;n, inducci&oacute;n, capacitaci&oacute;n y manejo del desempe&ntilde;o. Adem&aacute;s, aborda liderazgo, legislaci&oacute;n laboral y gesti&oacute;n del cambio, fortaleciendo habilidades directivas esenciales para un entorno de trabajo en salud.<\/p>\n","icono":"","modalidad":"","inicio":"","valor":"","enlace_inscripcion":"https:\/\/www.eclass.com\/cl\/cursos\/gestion-de-personas-y-competencias-directivas_unab-salud\/","enlace_texto":"","btncol_texto":"DESCARGA PROGRAMA","btncol_url":"","btncol_icono":"","btncol_outline":true,"btn_modal":"Descarga","btn_descarga":"\n    <div class=\"form-eclass form-eclass-curso-descarga-46621\">\n      <h3>\u00a1QUIERO RECIBIR <strong>ESTE MATERIAL!<\/strong><\/h3>\n    <\/div>\n    <script>\n      eClassForm.create({\n          form: { id: \"form-course-46621\", class: \"hsForm_13bf2289-bea6-43c3-bbde-aedf7beff70b\" },\n          data: { type: \"course\", planilla: \"15995\", file: \"https:\/\/brochure.eclass.com\/pdf\/course\/46621\/1305\", enrollment: \"?utm_source=unab-salud&utm_medium=form_web&utm_campaign=gestion-de-personas-y-competencias-directivas&utm_content=46621\", title: \"Gesti\u00f3n de Personas y Competencias Directivas\", offer: \"Gesti\u00f3n de Personas y Competencias Directivas\", adicional: \"Curso: Gesti\u00f3n de Personas y Competencias Directivas\" },\n          target: '.form-eclass-curso-descarga-46621'\n      });\n    <\/script>\n  "},{"titulo":"Relaci\u00f3n con la Comunidad","texto":"<p>El curso ense&ntilde;a a integrar la participaci&oacute;n ciudadana en la gesti&oacute;n de la salud y a mejorar la comunicaci&oacute;n efectiva en Atenci&oacute;n Primaria de Salud (APS). Las y los participantes desarrollar&aacute;n habilidades para trabajar con la comunidad, mejorar la empat&iacute;a y comunicaci&oacute;n con pacientes, y fortalecer el trabajo en equipo y la colaboraci&oacute;n interprofesional.<\/p>\n","icono":"","modalidad":"","inicio":"","valor":"","enlace_inscripcion":"https:\/\/www.eclass.com\/cl\/cursos\/relacion-con-la-comunidad_unab-salud\/","enlace_texto":"","btncol_texto":"DESCARGA PROGRAMA","btncol_url":"","btncol_icono":"","btncol_outline":true,"btn_modal":"Descarga","btn_descarga":"\n    <div class=\"form-eclass form-eclass-curso-descarga-46622\">\n      <h3>\u00a1QUIERO RECIBIR <strong>ESTE MATERIAL!<\/strong><\/h3>\n    <\/div>\n    <script>\n      eClassForm.create({\n          form: { id: \"form-course-46622\", class: \"hsForm_13bf2289-bea6-43c3-bbde-aedf7beff70b\" },\n          data: { type: \"course\", planilla: \"15995\", file: \"https:\/\/brochure.eclass.com\/pdf\/course\/46622\/1305\", enrollment: \"?utm_source=unab-salud&utm_medium=form_web&utm_campaign=relacion-con-la-comunidad&utm_content=46622\", title: \"Relaci\u00f3n con la Comunidad\", offer: \"Relaci\u00f3n con la Comunidad\", adicional: \"Curso: Relaci\u00f3n con la Comunidad\" },\n          target: '.form-eclass-curso-descarga-46622'\n      });\n    <\/script>\n  "}],"nombre_post":"UNAB Salud","categorias":[{"id":"32","nombre":"Salud"}],"dc_boton":{"btn_texto":"DESCARGA EL PROGRAMA","btn_url":"","btn_icono":"icon-download","btn_outline":true,"btn_modal":"Descarga","btn_descarga":"\n    <div class=\"form-eclass form-eclass-diploma-descarga-1736\">\n      <h3>\u00a1QUIERO RECIBIR <strong>ESTE MATERIAL!<\/strong><\/h3>\n    <\/div>\n    <script>\n      eClassForm.create({\n          form: { id: \"form-diploma-1736\", class: \"hsForm_0f85176f-7a8c-4843-8d8f-2a5259d8e965\" },\n          data: { type: \"diploma\", planilla: \"15994\", file: \"https:\/\/brochure.eclass.com\/pdf\/diploma\/1736\/1305\/670\", enrollment: \"?utm_source=unab-salud&utm_medium=form_web&utm_campaign=diplomado-en-gestion-integral-de-aps&utm_content=1736\", title: \"Diplomado en Gesti\u00f3n Integral de APS\", offer: \"Diplomado en Gesti\u00f3n Integral de APS\", adicional: \"Diplomado en Gesti\u00f3n Integral de APS\" },\n          target: '.form-eclass-diploma-descarga-1736'\n      });\n    <\/script>\n  "},"columna_contenido":[{"acf_fc_layout":"imagen","bg_imagen":[{"imagen":16440}]},{"acf_fc_layout":"texto","titulo":"<p>CAPACITA A TU EMPRESA CON <strong>NUESTROS CURSOS Y PROGRAMAS<\/strong><\/p>\n","subtitulo":"","texto":"<p>Lleva <strong>Diplomado en Gesti\u00f3n Integral de APS<\/strong> a tu equipo de trabajo, cont\u00e1ctate con nuestros ejecutivos para coordinar una reuni\u00f3n y vivir la experiencia eClass.<\/p>\n","btncol_texto":"AGENDA TU REUNI\u00d3N","btncol_url":"","btncol_icono":"","btncol_outline":true,"btn_modal":"Contacto","btn_descarga":"\n    <div id=\"form-reunion\" class=\"form-eclass form-reunion\"><\/div>\n    <script>\n      window.addEventListener('load', function() {\n          eClassForm.create({\n              form: {\n                  id: \"form-reunion\"\n              },\n              data: {\n                  type: \"reunion\",\n                  planilla: \"15996\",\n                  institucion: \"UNAB Salud\",\n                  adicional: $('title').text() + ' ' + location.href,\n              },\n              target: \".form-reunion\"\n          });\n      });\n    <\/script>\n  "}],"bi_imagen":312064,"bi_logo":false,"bi_logo_color":false,"bi_sello":false,"bs_sticky":true,"bs_imagen":false,"columna_invertir":false,"cursos_centrar":true,"ir_mobile":false,"ir_desktop":false,"ir_circulo":"","otros_contenidos":false,"tl_titulo":"","tl_descripcion":"","tl_crmobile":true,"team_descripcion_2":"","texto_centrado":"","titulo2":{"tt_texto":""},"titulo3":{"tt_texto":""},"vi_iframe":"","vi_titulo":"","vi_logo":false},"parent_id":311307,"_links":{"self":[{"href":"https:\/\/www.eclass.com\/cl\/wp-json\/wp\/v2\/diplomados\/311879","targetHints":{"allow":["GET"]}}],"collection":[{"href":"https:\/\/www.eclass.com\/cl\/wp-json\/wp\/v2\/diplomados"}],"about":[{"href":"https:\/\/www.eclass.com\/cl\/wp-json\/wp\/v2\/types\/diplomados"}],"author":[{"embeddable":true,"href":"https:\/\/www.eclass.com\/cl\/wp-json\/wp\/v2\/users\/1"}],"version-history":[{"count":2,"href":"https:\/\/www.eclass.com\/cl\/wp-json\/wp\/v2\/diplomados\/311879\/revisions"}],"predecessor-version":[{"id":312069,"href":"https:\/\/www.eclass.com\/cl\/wp-json\/wp\/v2\/diplomados\/311879\/revisions\/312069"}],"wp:attachment":[{"href":"https:\/\/www.eclass.com\/cl\/wp-json\/wp\/v2\/media?parent=311879"}],"wp:term":[{"taxonomy":"categorias","embeddable":true,"href":"https:\/\/www.eclass.com\/cl\/wp-json\/wp\/v2\/categorias?post=311879"}],"curies":[{"name":"wp","href":"https:\/\/api.w.org\/{rel}","templated":true}]}}