{"id":309064,"date":"2025-07-03T13:01:00","date_gmt":"2025-07-03T17:01:00","guid":{"rendered":"https:\/\/www.eclass.com\/cl\/?post_type=diplomados&#038;p=309064"},"modified":"2026-04-30T16:13:37","modified_gmt":"2026-04-30T20:13:37","slug":"diplomado-en-neurociencias-aplicadas-a-la-educacion_universidad-finis-terrae-educacion","status":"publish","type":"diplomados","link":"https:\/\/www.eclass.com\/cl\/diplomados\/diplomado-en-neurociencias-aplicadas-a-la-educacion_universidad-finis-terrae-educacion\/","title":{"rendered":"Diplomado en Neurociencias Aplicadas a la Educaci\u00f3n"},"author":1,"template":"","meta":{"_acf_changed":false},"categorias":[],"class_list":["post-309064","diplomados","type-diplomados","status-publish","hentry"],"acf":{"bi_formulario":"","bi_formulario_mobile":"","br_btn_ayuda_volver":"block","br_ayuda_texto":"<p><strong>\u00bfNECESITAS AYUDA?<\/strong><br \/>\nCONT\u00c1CTATE CON UN COORDINADOR DE ADMISI\u00d3N<\/p>\n","br_ayuda_telefono":"+56982050286","bs_url":"https:\/\/inscripcionesfiniseducacion.eclass.com\/","bs_titulo":"<p>INSCR\u00cdBETE AQU\u00cd<\/p>\n","id_post":"526","bi_titulo":"<p>Diplomado en Neurociencias Aplicadas a la Educaci\u00f3n<\/p>\n","item_info":[{"titulo":"Pr\u00f3ximo inicio de clase:","descripcion":"Mayo 2026","imagen":16112},{"titulo":"Valor:","descripcion":"<p>Diplomado: $1.250.000<\/p>","imagen":16113},{"titulo":"Formas de Pago","descripcion":"Webpay (Tarjetas de Cr\u00e9dito y D\u00e9bito)<br \/>Cheque<br \/>Factura<br \/>Transferencia Electr\u00f3nica<br \/>Webpay con Factura<br \/>OneClick","imagen":16113}],"titulo_cursivo":"<p>Aplica las neurociencias para fomentar la inclusi&oacute;n y la neurodiversidad en la educaci&oacute;n.<\/p>","dc_titulo":"<strong>Diplomado en Neurociencias aplicadas a la educaci\u00f3n<\/strong>","dc_texto":"<p>En un mundo donde la diversidad en el aula es cada vez m&aacute;s evidente, comprender c&oacute;mo aprende y se desarrolla el cerebro humano se ha convertido en una necesidad clave para los profesionales de la educaci&oacute;n. Los avances en neurociencia nos han permitido abrir nuevas puertas hacia pr&aacute;cticas pedag&oacute;gicas m&aacute;s inclusivas, basadas en el entendimiento de la neurodiversidad y la adaptaci&oacute;n curricular.<\/p>\n<p>Aunque ya existen especialistas que aplican estos conocimientos en el &aacute;mbito educativo, muchas personas carecen de herramientas pr&aacute;cticas y conceptos esenciales para integrarlos en su labor diaria. Esto limita las posibilidades de crear ambientes educativos donde cada estudiante pueda prosperar seg&uacute;n sus propias capacidades y necesidades.<\/p>\n<p>El Diplomado en Neurociencias Aplicadas a la Educaci&oacute;n busca llenar este vac&iacute;o, ofreciendo fundamentos claros y estrategias efectivas para dise&ntilde;ar propuestas curriculares diversificadas. Con este programa, aprender&aacute;s a aplicar la neurociencia a la ense&ntilde;anza desde una perspectiva pr&aacute;ctica e inclusiva, fortaleciendo tu impacto profesional y transformando la experiencia educativa para todos<\/p>\n","tl_listado":[{"imagen":false,"imagen_api":"https:\/\/cdn.eclass.com\/img\/perfiles\/100\/RayenCarrilloH-RayenCarrillo-5742b662641f-1.jpg","titulo":"Rayen Carrillo ","subtitulo":"","texto":"Magister en Neurociencias aplicadas a la Educaci\u00f3n, actualmente cursa un Doctorado en Educaci\u00f3n. Experiencia profesional en Instituto Telet\u00f3n como Terapeuta Ocupacional. Experiencia docente en Universidad Finis Terrae y Universidad del Desarrollo sede Santiago."},{"imagen":false,"imagen_api":"https:\/\/cdn.eclass.com\/img\/perfiles\/100\/Juan-Pablo-Morales-89b20d46a1cb-1.jpg","titulo":"Juan Pablo Morales ","subtitulo":"","texto":"Psic\u00f3logo. Doctor en Neurociencias (PUC). amplia experiencia en investigaci\u00f3n y docencia universitaria en Chile y Australia. Especializado en neurociencia conductual, cognici\u00f3n social e interocepci\u00f3n, con \u00e9nfasis en poblaciones vulnerables. Mag\u00edster en Neurociencias (PUC). Especializaciones en Entrenamiento en resonancia magn\u00e9tica funcional, Universidad de Melbourne, Australia. Programa de desarrollo docente ELiTE, University of Sydney Business School. Talleres de evaluaci\u00f3n neuropsicol\u00f3gica y cognici\u00f3n social, UDP. Internado en el Instituto de Neurolog\u00eda Cognitiva, Buenos Aires, Argentina."},{"imagen":false,"imagen_api":"https:\/\/cdn.eclass.com\/img\/perfiles\/100\/CapturadePantalla2025-09-30alas010514-ManolaLpezFigueroa-c706014da077-1.jpg","titulo":"Manola L\u00f3pez Figueroa","subtitulo":"","texto":"Mag\u00edster en Neurociencias aplicadas a la educaci\u00f3n, Fonoaudi\u00f3loga. \r\nAcad\u00e9mica en cursos de Postgrado y Pregrado. M\u00e1s de 10 a\u00f1os de experiencia en Programas de Integraci\u00f3n Escolar trabajando con estudiantes de diversas edades y necesidades educativas especiales."},{"imagen":false,"imagen_api":"https:\/\/cdn.eclass.com\/img\/perfiles\/100\/IMG_58462-CarolinaCaffarenaBarcenilla-c98c42d607df-1.jpg","titulo":"Carolina Caffarena Barcenilla","subtitulo":"","texto":"Doctora en Educaci\u00f3n, Mag\u00edster en Neurociencias y Educaci\u00f3n, Mag\u00edster en Educaci\u00f3n, Mag\u00edster en Pedagog\u00eda Teatral, Licenciada en Educaci\u00f3n y Educadora de P\u00e1rvulos. Posee experiencia en docencia universitaria y liderazgo de proyectos de investigaci\u00f3n sobre juego, aprendizaje y ambientes educativos en primera infancia."}],"tt_texto":"<p>CURSOS QUE COMPONEN <br \/><strong>Diplomado en Neurociencias Aplicadas a la Educaci\u00f3n<\/strong><\/p>\n","cursos_listado":[{"titulo":"Neurodivergencia y aprendizaje","texto":"<p>Comprende la neurodivergencia dentro del marco de la neurodiversidad y su impacto en el aprendizaje. Adquiere herramientas para trabajar colaborativamente con equipos multidisciplinarios y fortalecer el liderazgo docente.<\/p>\n","icono":"","modalidad":"","inicio":"","valor":"","enlace_inscripcion":"https:\/\/www.eclass.com\/cl\/cursos\/neurodivergencia-y-aprendizaje_universidad-finis-terrae-educacion\/","enlace_texto":"","btncol_texto":"DESCARGA PROGRAMA","btncol_url":"","btncol_icono":"","btncol_outline":true,"btn_modal":"Descarga","btn_descarga":"\n    <div class=\"form-eclass form-eclass-curso-descarga-44020\">\n      <h3>\u00a1QUIERO RECIBIR <strong>ESTE MATERIAL!<\/strong><\/h3>\n    <\/div>\n    <script>\n      eClassForm.create({\n          form: { id: \"form-course-44020\", class: \"hsForm_13bf2289-bea6-43c3-bbde-aedf7beff70b\" },\n          data: { type: \"course\", planilla: \"15738\", file: \"https:\/\/brochure.eclass.com\/pdf\/course\/44020\/1303\", enrollment: \"https:\/\/inscripcionesfiniseducacion.eclass.com\/?utm_source=universidad-finis-terrae-educacion&utm_medium=form_web&utm_campaign=neurodivergencia-y-aprendizaje&utm_content=44020\", title: \"Neurodivergencia y aprendizaje\", offer: \"Neurodivergencia y aprendizaje\", adicional: \"Curso: Neurodivergencia y aprendizaje\" },\n          target: '.form-eclass-curso-descarga-44020'\n      });\n    <\/script>\n  "},{"titulo":"Desarrollo curricular y diversificaci\u00f3n de la ense\u00f1anza","texto":"<p>Dise&ntilde;a experiencias de aprendizaje inclusivas y diversificadas, adaptadas a la heterogeneidad del aula. Aprende a planificar, implementar y evaluar procesos educativos centrados en las potencialidades de cada estudiante.<\/p>\n","icono":"","modalidad":"","inicio":"","valor":"","enlace_inscripcion":"https:\/\/www.eclass.com\/cl\/cursos\/desarrollo-curricular-y-diversificacion-de-la-ensenanza_universidad-finis-terrae-educacion\/","enlace_texto":"","btncol_texto":"DESCARGA PROGRAMA","btncol_url":"","btncol_icono":"","btncol_outline":true,"btn_modal":"Descarga","btn_descarga":"\n    <div class=\"form-eclass form-eclass-curso-descarga-44022\">\n      <h3>\u00a1QUIERO RECIBIR <strong>ESTE MATERIAL!<\/strong><\/h3>\n    <\/div>\n    <script>\n      eClassForm.create({\n          form: { id: \"form-course-44022\", class: \"hsForm_13bf2289-bea6-43c3-bbde-aedf7beff70b\" },\n          data: { type: \"course\", planilla: \"15738\", file: \"https:\/\/brochure.eclass.com\/pdf\/course\/44022\/1303\", enrollment: \"https:\/\/inscripcionesfiniseducacion.eclass.com\/?utm_source=universidad-finis-terrae-educacion&utm_medium=form_web&utm_campaign=desarrollo-curricular-y-diversificacion-de-la-ensenanza&utm_content=44022\", title: \"Desarrollo curricular y diversificaci\u00f3n de la ense\u00f1anza\", offer: \"Desarrollo curricular y diversificaci\u00f3n de la ense\u00f1anza\", adicional: \"Curso: Desarrollo curricular y diversificaci\u00f3n de la ense\u00f1anza\" },\n          target: '.form-eclass-curso-descarga-44022'\n      });\n    <\/script>\n  "},{"titulo":"Neurociencias para la educaci\u00f3n","texto":"<p>Explora las bases biol&oacute;gicas del aprendizaje y comprende c&oacute;mo el sistema nervioso, la plasticidad cerebral y la comunicaci&oacute;n neuronal influyen en los procesos educativos. Transforma tu pr&aacute;ctica pedag&oacute;gica desde la mirada cient&iacute;fica de la neurociencia.<\/p>\n","icono":"","modalidad":"","inicio":"","valor":"","enlace_inscripcion":"https:\/\/www.eclass.com\/cl\/cursos\/neurociencias-para-la-educacion_universidad-finis-terrae-educacion\/","enlace_texto":"","btncol_texto":"DESCARGA PROGRAMA","btncol_url":"","btncol_icono":"","btncol_outline":true,"btn_modal":"Descarga","btn_descarga":"\n    <div class=\"form-eclass form-eclass-curso-descarga-45607\">\n      <h3>\u00a1QUIERO RECIBIR <strong>ESTE MATERIAL!<\/strong><\/h3>\n    <\/div>\n    <script>\n      eClassForm.create({\n          form: { id: \"form-course-45607\", class: \"hsForm_13bf2289-bea6-43c3-bbde-aedf7beff70b\" },\n          data: { type: \"course\", planilla: \"15738\", file: \"https:\/\/brochure.eclass.com\/pdf\/course\/45607\/1303\", enrollment: \"https:\/\/inscripcionesfiniseducacion.eclass.com\/?utm_source=universidad-finis-terrae-educacion&utm_medium=form_web&utm_campaign=neurociencias-para-la-educacion&utm_content=45607\", title: \"Neurociencias para la educaci\u00f3n\", offer: \"Neurociencias para la educaci\u00f3n\", adicional: \"Curso: Neurociencias para la educaci\u00f3n\" },\n          target: '.form-eclass-curso-descarga-45607'\n      });\n    <\/script>\n  "},{"titulo":"Procesos cognitivos del aprendizaje","texto":"<p>Analiza los procesos cognitivos que intervienen en el aprendizaje &mdash;atenci&oacute;n, memoria, lenguaje y funciones ejecutivas&mdash; desde su base neurobiol&oacute;gica. Dise&ntilde;a estrategias pedag&oacute;gicas inclusivas que reconozcan la neurodiversidad.<\/p>\n","icono":"","modalidad":"","inicio":"","valor":"","enlace_inscripcion":"https:\/\/www.eclass.com\/cl\/cursos\/procesos-cognitivos-del-aprendizaje_universidad-finis-terrae-educacion\/","enlace_texto":"","btncol_texto":"DESCARGA PROGRAMA","btncol_url":"","btncol_icono":"","btncol_outline":true,"btn_modal":"Descarga","btn_descarga":"\n    <div class=\"form-eclass form-eclass-curso-descarga-45873\">\n      <h3>\u00a1QUIERO RECIBIR <strong>ESTE MATERIAL!<\/strong><\/h3>\n    <\/div>\n    <script>\n      eClassForm.create({\n          form: { id: \"form-course-45873\", class: \"hsForm_13bf2289-bea6-43c3-bbde-aedf7beff70b\" },\n          data: { type: \"course\", planilla: \"15738\", file: \"https:\/\/brochure.eclass.com\/pdf\/course\/45873\/1303\", enrollment: \"https:\/\/inscripcionesfiniseducacion.eclass.com\/?utm_source=universidad-finis-terrae-educacion&utm_medium=form_web&utm_campaign=procesos-cognitivos-del-aprendizaje&utm_content=45873\", title: \"Procesos cognitivos del aprendizaje\", offer: \"Procesos cognitivos del aprendizaje\", adicional: \"Curso: Procesos cognitivos del aprendizaje\" },\n          target: '.form-eclass-curso-descarga-45873'\n      });\n    <\/script>\n  "},{"titulo":"Neurodiversidad, educaci\u00f3n inclusiva y aprendizaje","texto":"<p>Aprende a desarrollar estrategias educativas basadas en la neurociencia para promover entornos inclusivos, respetuosos y equitativos. Integra pol&iacute;ticas p&uacute;blicas y buenas pr&aacute;cticas que valoren la diversidad en el aula.<\/p>\n","icono":"","modalidad":"","inicio":"","valor":"","enlace_inscripcion":"https:\/\/www.eclass.com\/cl\/cursos\/neurodiversidad-educacion-inclusiva-y-aprendizaje_universidad-finis-terrae-educacion\/","enlace_texto":"","btncol_texto":"DESCARGA PROGRAMA","btncol_url":"","btncol_icono":"","btncol_outline":true,"btn_modal":"Descarga","btn_descarga":"\n    <div class=\"form-eclass form-eclass-curso-descarga-45874\">\n      <h3>\u00a1QUIERO RECIBIR <strong>ESTE MATERIAL!<\/strong><\/h3>\n    <\/div>\n    <script>\n      eClassForm.create({\n          form: { id: \"form-course-45874\", class: \"hsForm_13bf2289-bea6-43c3-bbde-aedf7beff70b\" },\n          data: { type: \"course\", planilla: \"15738\", file: \"https:\/\/brochure.eclass.com\/pdf\/course\/45874\/1303\", enrollment: \"https:\/\/inscripcionesfiniseducacion.eclass.com\/?utm_source=universidad-finis-terrae-educacion&utm_medium=form_web&utm_campaign=neurodiversidad-educacion-inclusiva-y-aprendizaje&utm_content=45874\", title: \"Neurodiversidad, educaci\u00f3n inclusiva y aprendizaje\", offer: \"Neurodiversidad, educaci\u00f3n inclusiva y aprendizaje\", adicional: \"Curso: Neurodiversidad, educaci\u00f3n inclusiva y aprendizaje\" },\n          target: '.form-eclass-curso-descarga-45874'\n      });\n    <\/script>\n  "}],"nombre_post":"Universidad Finis Terrae Educaci\u00f3n","categorias":false,"dc_boton":{"btn_texto":"DESCARGA EL PROGRAMA","btn_url":"","btn_icono":"icon-download","btn_outline":true,"btn_modal":"Descarga","btn_descarga":"\n    <div class=\"form-eclass form-eclass-diploma-descarga-1722\">\n      <h3>\u00a1QUIERO RECIBIR <strong>ESTE MATERIAL!<\/strong><\/h3>\n    <\/div>\n    <script>\n      eClassForm.create({\n          form: { id: \"form-diploma-1722\", class: \"hsForm_0f85176f-7a8c-4843-8d8f-2a5259d8e965\" },\n          data: { type: \"diploma\", planilla: \"15725\", file: \"https:\/\/brochure.eclass.com\/pdf\/diploma\/1722\/1303\/630\", enrollment: \"https:\/\/inscripcionesfiniseducacion.eclass.com\/?utm_source=universidad-finis-terrae-educacion&utm_medium=form_web&utm_campaign=diplomado-en-neurociencias-aplicadas-a-la-educacion&utm_content=1722\", title: \"Diplomado en Neurociencias Aplicadas a la Educaci\u00f3n\", offer: \"Diplomado en Neurociencias Aplicadas a la Educaci\u00f3n\", adicional: \"Diplomado en Neurociencias Aplicadas a la Educaci\u00f3n\" },\n          target: '.form-eclass-diploma-descarga-1722'\n      });\n    <\/script>\n  "},"columna_contenido":[{"acf_fc_layout":"imagen","bg_imagen":[{"imagen":297453}]},{"acf_fc_layout":"texto","titulo":"<p>CAPACITA A TU EMPRESA CON <strong>NUESTROS CURSOS Y PROGRAMAS<\/strong><\/p>\n","subtitulo":"","texto":"<p>Lleva <strong>Diplomado en Neurociencias Aplicadas a la Educaci\u00f3n<\/strong> a tu equipo de trabajo, cont\u00e1ctate con nuestros ejecutivos para coordinar una reuni\u00f3n y vivir la experiencia eClass.<\/p>\n","btncol_texto":"AGENDA TU REUNI\u00d3N","btncol_url":"","btncol_icono":"","btncol_outline":true,"btn_modal":"Contacto","btn_descarga":"\n    <div id=\"form-reunion\" class=\"form-eclass form-reunion\"><\/div>\n    <script>\n      window.addEventListener('load', function() {\n          eClassForm.create({\n              form: {\n                  id: \"form-reunion\"\n              },\n              data: {\n                  type: \"reunion\",\n                  planilla: \"15736\",\n                  institucion: \"Universidad Finis Terrae Educaci\u00f3n\",\n                  adicional: $('title').text() + ' ' + location.href,\n              },\n              target: \".form-reunion\"\n          });\n      });\n    <\/script>\n  "}],"bi_imagen":false,"bi_logo":false,"bi_logo_color":false,"bi_sello":false,"br_ayuda_volver":"","bs_sticky":true,"bs_color":"","bs_imagen":false,"columna_invertir":false,"cursos_centrar":true,"ir_mobile":false,"ir_desktop":false,"ir_circulo":"","otros_contenidos":false,"tl_titulo":"","tl_descripcion":"","tl_crmobile":true,"team_descripcion_2":"","texto_centrado":"","titulo2":{"tt_texto":""},"titulo3":{"tt_texto":""},"vi_iframe":"","vi_titulo":"","vi_logo":false},"parent_id":307714,"_links":{"self":[{"href":"https:\/\/www.eclass.com\/cl\/wp-json\/wp\/v2\/diplomados\/309064","targetHints":{"allow":["GET"]}}],"collection":[{"href":"https:\/\/www.eclass.com\/cl\/wp-json\/wp\/v2\/diplomados"}],"about":[{"href":"https:\/\/www.eclass.com\/cl\/wp-json\/wp\/v2\/types\/diplomados"}],"author":[{"embeddable":true,"href":"https:\/\/www.eclass.com\/cl\/wp-json\/wp\/v2\/users\/1"}],"version-history":[{"count":2,"href":"https:\/\/www.eclass.com\/cl\/wp-json\/wp\/v2\/diplomados\/309064\/revisions"}],"predecessor-version":[{"id":312333,"href":"https:\/\/www.eclass.com\/cl\/wp-json\/wp\/v2\/diplomados\/309064\/revisions\/312333"}],"wp:attachment":[{"href":"https:\/\/www.eclass.com\/cl\/wp-json\/wp\/v2\/media?parent=309064"}],"wp:term":[{"taxonomy":"categorias","embeddable":true,"href":"https:\/\/www.eclass.com\/cl\/wp-json\/wp\/v2\/categorias?post=309064"}],"curies":[{"name":"wp","href":"https:\/\/api.w.org\/{rel}","templated":true}]}}